{"id":5176,"date":"2025-08-06T00:49:40","date_gmt":"2025-08-06T00:49:40","guid":{"rendered":"https:\/\/argoalmacenadora.com.mx\/?page_id=5176"},"modified":"2025-08-06T01:00:54","modified_gmt":"2025-08-06T01:00:54","slug":"aviso-de-privacidad","status":"publish","type":"page","link":"https:\/\/argoalmacenadora.com.mx\/en\/aviso-de-privacidad\/","title":{"rendered":"Privacy Notice"},"content":{"rendered":"<div data-elementor-type=\"wp-page\" data-elementor-id=\"5176\" class=\"elementor elementor-5176\" data-elementor-post-type=\"page\">\n\t\t\t\t\t\t<section class=\"elementor-section elementor-top-section elementor-element elementor-element-57cf5a49 elementor-section-height-min-height elementor-section-boxed elementor-section-height-default elementor-section-items-middle\" data-id=\"57cf5a49\" data-element_type=\"section\" data-e-type=\"section\" id=\"toc\">\n\t\t\t\t\t\t<div class=\"elementor-container elementor-column-gap-no\">\n\t\t\t\t\t<div class=\"elementor-column elementor-col-100 elementor-top-column elementor-element elementor-element-2181cc12\" data-id=\"2181cc12\" data-element_type=\"column\" data-e-type=\"column\">\n\t\t\t<div class=\"elementor-widget-wrap elementor-element-populated\">\n\t\t\t\t\t\t<div class=\"elementor-element elementor-element-5f6c682 elementor-widget elementor-widget-heading\" data-id=\"5f6c682\" data-element_type=\"widget\" data-e-type=\"widget\" data-widget_type=\"heading.default\">\n\t\t\t\t<div class=\"elementor-widget-container\">\n\t\t\t\t\t<h5 class=\"elementor-heading-title elementor-size-default\">ARGO Almacenadora<\/h5>\t\t\t\t<\/div>\n\t\t\t\t<\/div>\n\t\t\t\t<div class=\"elementor-element elementor-element-3995047 elementor-widget elementor-widget-heading\" data-id=\"3995047\" data-element_type=\"widget\" data-e-type=\"widget\" data-widget_type=\"heading.default\">\n\t\t\t\t<div class=\"elementor-widget-container\">\n\t\t\t\t\t<h1 class=\"elementor-heading-title elementor-size-default\">AVISO DE PRIVACIDAD<\/h1>\t\t\t\t<\/div>\n\t\t\t\t<\/div>\n\t\t\t\t<div class=\"elementor-element elementor-element-5417eee elementor-widget-divider--view-line elementor-widget elementor-widget-divider\" data-id=\"5417eee\" data-element_type=\"widget\" data-e-type=\"widget\" data-widget_type=\"divider.default\">\n\t\t\t\t<div class=\"elementor-widget-container\">\n\t\t\t\t\t\t\t<div class=\"elementor-divider\">\n\t\t\t<span class=\"elementor-divider-separator\">\n\t\t\t\t\t\t<\/span>\n\t\t<\/div>\n\t\t\t\t\t\t<\/div>\n\t\t\t\t<\/div>\n\t\t\t\t<div class=\"elementor-element elementor-element-1b867834 elementor-widget elementor-widget-text-editor\" data-id=\"1b867834\" data-element_type=\"widget\" data-e-type=\"widget\" data-widget_type=\"text-editor.default\">\n\t\t\t\t<div class=\"elementor-widget-container\">\n\t\t\t\t\t\t\t\t\t<p>De conformidad en lo dispuesto por la Ley Federal de Protecci\u00f3n de Datos Personales en Posesi\u00f3n de Particulares y su Reglamento, se emite el presente Aviso de Privacidad en los siguientes t\u00e9rminos:<\/p>\t\t\t\t\t\t\t\t<\/div>\n\t\t\t\t<\/div>\n\t\t\t\t<div class=\"elementor-element elementor-element-21d4444a elementor-widget elementor-widget-heading\" data-id=\"21d4444a\" data-element_type=\"widget\" data-e-type=\"widget\" data-widget_type=\"heading.default\">\n\t\t\t\t<div class=\"elementor-widget-container\">\n\t\t\t\t\t<h5 class=\"elementor-heading-title elementor-size-default\">I. RESPONSABLE DE LOS DATOS PERSONALES<\/h5>\t\t\t\t<\/div>\n\t\t\t\t<\/div>\n\t\t\t\t<div class=\"elementor-element elementor-element-14efa091 elementor-widget elementor-widget-text-editor\" data-id=\"14efa091\" data-element_type=\"widget\" data-e-type=\"widget\" data-widget_type=\"text-editor.default\">\n\t\t\t\t<div class=\"elementor-widget-container\">\n\t\t\t\t\t\t\t\t\t<p>Para efectos del presente Aviso de Privacidad, se se\u00f1ala como responsable de la obtenci\u00f3n, divulgaci\u00f3n, almacenamiento, uso, incluido acci\u00f3n de acceso, manejo, aprovechamiento, transferencia o disposici\u00f3n de datos personales (en adelante el \u201cTratamiento\u201d) a Argo Almacenadora S.A. de C.V. (en adelante \u201cLa Almacenadora\u201d), con domicilio en Calle 21 S\/N Avs. 3 y 5 Col. Centro, C.P. 94500 C\u00f3rdoba, Veracruz.<\/p>\t\t\t\t\t\t\t\t<\/div>\n\t\t\t\t<\/div>\n\t\t\t\t<div class=\"elementor-element elementor-element-359c1bbe elementor-widget elementor-widget-heading\" data-id=\"359c1bbe\" data-element_type=\"widget\" data-e-type=\"widget\" data-widget_type=\"heading.default\">\n\t\t\t\t<div class=\"elementor-widget-container\">\n\t\t\t\t\t<h5 class=\"elementor-heading-title elementor-size-default\">II. FINALIDAD DEL QUE SE SUJETAR\u00c1 EL TRATAMIENTO DE DATOS PERSONALES<\/h5>\t\t\t\t<\/div>\n\t\t\t\t<\/div>\n\t\t\t\t<div class=\"elementor-element elementor-element-4d3cafc0 elementor-widget elementor-widget-text-editor\" data-id=\"4d3cafc0\" data-element_type=\"widget\" data-e-type=\"widget\" data-widget_type=\"text-editor.default\">\n\t\t\t\t<div class=\"elementor-widget-container\">\n\t\t\t\t\t\t\t\t\t<p>El Tratamiento de datos personales del titular, incluyendo los datos personales sensibles que se recaben, y salvo que el Titular disponga lo contrario a trav\u00e9s del medio descrito en el presente Aviso de Privacidad, tiene como finalidad ser usados para identificaci\u00f3n e integraci\u00f3n de expediente del cliente, prestaci\u00f3n de servicios de guarda, custodia y almacenamiento de mercanc\u00eda, emisi\u00f3n de certificados de dep\u00f3sito y en su caso bono de prenda, y dem\u00e1s actividades tendientes a facilitar la comercializaci\u00f3n y operaci\u00f3n de servicios y productos que ofrece el almac\u00e9n general de dep\u00f3sito. As\u00ed como conocer la informaci\u00f3n de antecedentes crediticios. Las finalidades previamente descritas, dieron origen y son necesarias para la relaci\u00f3n jur\u00eddica con \u201cLa Almacenadora\u201d. Asimismo, \u201cLa Almacenadora\u201d podr\u00e1 utilizar sus datos personales para el desarrollo, an\u00e1lisis, publicidad promoci\u00f3n de productos, servicios y encuestas.<\/p>\t\t\t\t\t\t\t\t<\/div>\n\t\t\t\t<\/div>\n\t\t\t\t<div class=\"elementor-element elementor-element-51f135ef elementor-widget elementor-widget-heading\" data-id=\"51f135ef\" data-element_type=\"widget\" data-e-type=\"widget\" data-widget_type=\"heading.default\">\n\t\t\t\t<div class=\"elementor-widget-container\">\n\t\t\t\t\t<h5 class=\"elementor-heading-title elementor-size-default\">III. OPCIONES Y MEDIOS QUE LA ALMACENADORA OFRECE A LOS TITULARES DE DATOS\nPERSONALES PARA LIMITAR EL USO O DIVULGACI\u00d3N DE SUS DATOS PERSONALES.<\/h5>\t\t\t\t<\/div>\n\t\t\t\t<\/div>\n\t\t\t\t<div class=\"elementor-element elementor-element-a7780c2 elementor-widget elementor-widget-text-editor\" data-id=\"a7780c2\" data-element_type=\"widget\" data-e-type=\"widget\" data-widget_type=\"text-editor.default\">\n\t\t\t\t<div class=\"elementor-widget-container\">\n\t\t\t\t\t\t\t\t\t<p>Los datos personales del titular ser\u00e1n mantenidos en estricta confidencialidad de conformidad con las medidas de seguridad administrativas, t\u00e9cnicas y f\u00edsicas que al efecto \u201cLa Almacenadora\u201d implemente en sus pol\u00edticas y procedimientos de seguridad.<\/p>\t\t\t\t\t\t\t\t<\/div>\n\t\t\t\t<\/div>\n\t\t\t\t<div class=\"elementor-element elementor-element-6ac3e053 elementor-widget elementor-widget-heading\" data-id=\"6ac3e053\" data-element_type=\"widget\" data-e-type=\"widget\" data-widget_type=\"heading.default\">\n\t\t\t\t<div class=\"elementor-widget-container\">\n\t\t\t\t\t<h5 class=\"elementor-heading-title elementor-size-default\">iV. MEDIOS PARA EL EJERCICIO DE DERECHOS DE ACCESO, RECTIFICACI\u00d3N, CANCELACI\u00d3N U\nOPOSICI\u00d3N DEL TITULAR.<\/h5>\t\t\t\t<\/div>\n\t\t\t\t<\/div>\n\t\t\t\t<div class=\"elementor-element elementor-element-48c3be2 elementor-widget elementor-widget-text-editor\" data-id=\"48c3be2\" data-element_type=\"widget\" data-e-type=\"widget\" data-widget_type=\"text-editor.default\">\n\t\t\t\t<div class=\"elementor-widget-container\">\n\t\t\t\t\t\t\t\t\t<p>Con el objeto de proteger los datos personales, la privacidad y confianza de nuestros clientes, el titular de datos personales, en cualquier momento puede limitar el uso o divulgaci\u00f3n de sus datos personales, as\u00ed como negar o revocar la autorizaci\u00f3n para su tratamiento, mediante el ejercicio de los derechos de acceso. Rectificaci\u00f3n, cancelaci\u00f3n u oposici\u00f3n que la Ley prev\u00e9 (Derechos ARCO).<\/p>\n<p><br><\/p>\n<p>DERECHOS DE ACCESO.\u2010&nbsp;Derecho del Titular a solicitar \u201cLa Almacenadora\u201d que le sea informado si en sus bases de datos cuenta con informaci\u00f3n alguna de sus datos personales.<\/p>\n<p><br><\/p>\n<p><\/p>\n<p>DERECHO DE RECTIFICACI\u00d3N.\u2010&nbsp;Derecho del Titular a solicitar a \u201cLa Almacenadora\u201d que corrija los datos personales que posee en sus bases, cuando \u00e9stos son incorrectos, imprecisos, incompletos o est\u00e1n desactualizados. Deber\u00e1 exhibir y proporcionar copia simple del documento que justifique la rectificaci\u00f3n.&nbsp;<\/p>\n<p><br><\/p>\n<p>DERECHO DE CANCELACI\u00d3N.\u2010&nbsp;Derecho del Titular de solicitar a \u201cLa Almacenadora\u201d la cancelaci\u00f3n de sus datos personales que posea en sus bases. Deber\u00e1 especificar los datos que requiere que sean cancelados.<\/p>\n<p><br><\/p>\n<p>DERECHO DE OPOSICI\u00d3N.\u2010&nbsp;Derecho del Titular para solicitar a \u201cLa Almacenadora\u201d que es poseedora sus datos en sus bases, que se abstenga del tratamiento de sus datos en determinadas situaciones. Deber\u00e1 especificar las razones por las cuales se oponen al tratamiento. Para el ejercicio de los derechos de acceso y rectificaci\u00f3n debe acudir a \u201cLa Almacenadora\u201d, con los documentos que acrediten su identidad o, en su caso, la representaci\u00f3n legal del titular. Respecto al ejercicio de los derechos de cancelaci\u00f3n y oposici\u00f3n deber\u00e1 presentar la solicitud por escrito, acudiendo al domicilio.<\/p>\n<p><br><\/p>\n<p>La solicitud para ejercer los derechos deber\u00e1 contener y acompa\u00f1ar lo siguiente:<\/p>\n<p><ul><li>a) El nombre del titular y domicilio u otro medio para comunicarle la respuesta a su solicitud;<\/li><li>b) Los documentos que acrediten la identidad o, en su caso, la representaci\u00f3n legal del titular;<\/li><li>c) La descripci\u00f3n clara y precisa de los datos personales respecto de los que se busca ejercer alguno de los derechos antes mencionados, y<\/li><li>d) Cualquier otro elemento o documento que facilite la localizaci\u00f3n de los datos personales.<\/li><\/ul><\/p>\n\n\n\n<p><br><\/p>\n<p>El responsable comunicar\u00e1 al titular la respuesta a su solicitud a trav\u00e9s del medio de contacto proporcionado, en un plazo m\u00e1ximo de veinte d\u00edas h\u00e1biles, contados desde la fecha en que se recibi\u00f3 la solicitud. El plazo podr\u00e1 ser ampliado una sola vez por un periodo igual, siempre y cuando as\u00ed lo justifiquen las circunstancias del caso.<\/p>\t\t\t\t\t\t\t\t<\/div>\n\t\t\t\t<\/div>\n\t\t\t\t<div class=\"elementor-element elementor-element-3c38c41 elementor-widget elementor-widget-heading\" data-id=\"3c38c41\" data-element_type=\"widget\" data-e-type=\"widget\" data-widget_type=\"heading.default\">\n\t\t\t\t<div class=\"elementor-widget-container\">\n\t\t\t\t\t<h5 class=\"elementor-heading-title elementor-size-default\">V. TRANSFERENCIA DE DATOS PERSONALES<\/h5>\t\t\t\t<\/div>\n\t\t\t\t<\/div>\n\t\t\t\t<div class=\"elementor-element elementor-element-01f0235 elementor-widget elementor-widget-text-editor\" data-id=\"01f0235\" data-element_type=\"widget\" data-e-type=\"widget\" data-widget_type=\"text-editor.default\">\n\t\t\t\t<div class=\"elementor-widget-container\">\n\t\t\t\t\t\t\t\t\t<p>\u201cLa Almacenadora\u201d se compromete a que los datos proporcionados ser\u00e1n tratados bajo medidas de seguridad, siempre garantizando su confidencialidad; asimismo, podr\u00e1 realizar la transferencia y\/o remisi\u00f3n de datos a:<\/p><p>\u00a0<\/p><ol><li>Empresas afiliadas y subsidiarias de \u201cLa Almacenadora\u201d<\/li><li>La Asociaci\u00f3n de Almacenes Generales de Dep\u00f3sito, A.C.<\/li><li>Almacenes Generales de Dep\u00f3sito afiliados a la AAGEDE<\/li><li>Terceros proveedores de servicios para el cumplimiento de las obligaciones legales adquiridas por \u201cLa Almacenadora\u201d o por cualquiera de las empresas afiliadas y subsidiarias de \u201cLa Almacenadora\u201d.<\/li><li>Terceros proveedores de servicios de investigaci\u00f3n, an\u00e1lisis de datos, env\u00edo de informaci\u00f3n enfocada a las necesidades del titular de datos personales.<\/li><li>Socios comerciales con los que \u201cLa Almacenadora\u201d o cualquiera de las empresas de \u201cLa Almacenadora\u201d, lleve a cabo convenios o contratos enfocados al desarrollo de su objeto social\u00a0en beneficio del Titular y de acuerdo a sus necesidades e investigaci\u00f3n de antecedentes e historial crediticio.<\/li><li>Terceros derivado de un reestructura corporativa, incluyendo, la fusi\u00f3n, consolidaci\u00f3n, venta, liquidaci\u00f3n o transferencia de activos. 8. Otras transmisiones previstas en la Ley citada y su Reglamento.<\/li><\/ol><div><span style=\"font-family: -apple-system, BlinkMacSystemFont, Segoe UI, Roboto, Oxygen-Sans, Ubuntu, Cantarell, Helvetica Neue, sans-serif;\">\u00a0<\/span><\/div><div>Los terceros y las entidades receptores de datos personales, asumen las mismas obligaciones y\/o responsabilidades de la \u201cLa Almacenadora\u201d, de conformidad con lo descrito en el presente Aviso de Privacidad. El titular de datos personales que presenta cualquier solicitud para entablar una relaci\u00f3n jur\u00eddica con \u201cLa Almacenadora\u201d acepta la transferencia de sus datos personales, en los t\u00e9rminos descritos en el presente Aviso de Privacidad.\u00a0<\/div>\t\t\t\t\t\t\t\t<\/div>\n\t\t\t\t<\/div>\n\t\t\t\t<div class=\"elementor-element elementor-element-ac12927 elementor-widget elementor-widget-heading\" data-id=\"ac12927\" data-element_type=\"widget\" data-e-type=\"widget\" data-widget_type=\"heading.default\">\n\t\t\t\t<div class=\"elementor-widget-container\">\n\t\t\t\t\t<h5 class=\"elementor-heading-title elementor-size-default\">Vi. CAMBIOS AL AVISO DE PRIVACIDAD<\/h5>\t\t\t\t<\/div>\n\t\t\t\t<\/div>\n\t\t\t\t<div class=\"elementor-element elementor-element-e086c85 elementor-widget elementor-widget-text-editor\" data-id=\"e086c85\" data-element_type=\"widget\" data-e-type=\"widget\" data-widget_type=\"text-editor.default\">\n\t\t\t\t<div class=\"elementor-widget-container\">\n\t\t\t\t\t\t\t\t\t<p>Cualquier cambio al presente aviso de privacidad, le ser\u00e1 informado a trav\u00e9s de cualquiera de los siguientes medios:<\/p><p>\u00a0<\/p><ol><li>Avisos en \u201cLa Almacenadora\u201d<\/li><li><span style=\"font-family: -apple-system, BlinkMacSystemFont, 'Segoe UI', Roboto, Oxygen-Sans, Ubuntu, Cantarell, 'Helvetica Neue', sans-serif;\">Avisos en el portal de internet (www.argoalmacenadora.com.mx)<\/span><\/li><\/ol>\t\t\t\t\t\t\t\t<\/div>\n\t\t\t\t<\/div>\n\t\t\t\t\t<\/div>\n\t\t<\/div>\n\t\t\t\t\t<\/div>\n\t\t<\/section>\n\t\t\t\t<\/div>","protected":false},"excerpt":{"rendered":"<p>ARGO Almacenadora AVISO DE PRIVACIDAD De conformidad en lo dispuesto por la Ley Federal de Protecci\u00f3n de Datos Personales en Posesi\u00f3n de Particulares y su Reglamento, se emite el presente Aviso de Privacidad en los siguientes t\u00e9rminos: I. RESPONSABLE DE LOS DATOS PERSONALES Para efectos del presente Aviso de Privacidad, se se\u00f1ala como responsable de&hellip; <a class=\"more-link\" href=\"https:\/\/argoalmacenadora.com.mx\/en\/aviso-de-privacidad\/\">Continue reading <span class=\"screen-reader-text\">Privacy Notice<\/span><\/a><\/p>","protected":false},"author":2,"featured_media":113,"parent":0,"menu_order":0,"comment_status":"closed","ping_status":"closed","template":"elementor_header_footer","meta":{"footnotes":""},"class_list":["post-5176","page","type-page","status-publish","has-post-thumbnail","hentry","entry"],"yoast_head":"<!-- This site is optimized with the Yoast SEO plugin v27.5 - https:\/\/yoast.com\/product\/yoast-seo-wordpress\/ -->\n<title>Aviso de Privacidad - ARGO Almacenadora<\/title>\n<meta name=\"robots\" content=\"index, follow, max-snippet:-1, max-image-preview:large, max-video-preview:-1\" \/>\n<link rel=\"canonical\" href=\"https:\/\/argoalmacenadora.com.mx\/en\/aviso-de-privacidad\/\" \/>\n<meta property=\"og:locale\" content=\"en_US\" \/>\n<meta property=\"og:type\" content=\"article\" \/>\n<meta property=\"og:title\" content=\"Aviso de Privacidad - ARGO Almacenadora\" \/>\n<meta property=\"og:description\" content=\"ARGO Almacenadora AVISO DE PRIVACIDAD De conformidad en lo dispuesto por la Ley Federal de Protecci\u00f3n de Datos Personales en Posesi\u00f3n de Particulares y su Reglamento, se emite el presente Aviso de Privacidad en los siguientes t\u00e9rminos: I. RESPONSABLE DE LOS DATOS PERSONALES Para efectos del presente Aviso de Privacidad, se se\u00f1ala como responsable de&hellip; Continue reading Aviso de Privacidad\" \/>\n<meta property=\"og:url\" content=\"https:\/\/argoalmacenadora.com.mx\/en\/aviso-de-privacidad\/\" \/>\n<meta property=\"og:site_name\" content=\"ARGO Almacenadora\" \/>\n<meta property=\"article:publisher\" content=\"https:\/\/www.facebook.com\/ARGOALMACENADORASADECV\" \/>\n<meta property=\"article:modified_time\" content=\"2025-08-06T01:00:54+00:00\" \/>\n<meta property=\"og:image\" content=\"https:\/\/argoalmacenadora.com.mx\/wp-content\/uploads\/2023\/03\/Legal-Privacy.jpg\" \/>\n\t<meta property=\"og:image:width\" content=\"400\" \/>\n\t<meta property=\"og:image:height\" content=\"380\" \/>\n\t<meta property=\"og:image:type\" content=\"image\/jpeg\" \/>\n<meta name=\"twitter:card\" content=\"summary_large_image\" \/>\n<meta name=\"twitter:label1\" content=\"Est. reading time\" \/>\n\t<meta name=\"twitter:data1\" content=\"5 minutes\" \/>\n<script type=\"application\/ld+json\" class=\"yoast-schema-graph\">{\"@context\":\"https:\\\/\\\/schema.org\",\"@graph\":[{\"@type\":\"WebPage\",\"@id\":\"https:\\\/\\\/argoalmacenadora.com.mx\\\/aviso-de-privacidad\\\/\",\"url\":\"https:\\\/\\\/argoalmacenadora.com.mx\\\/aviso-de-privacidad\\\/\",\"name\":\"Aviso de Privacidad - ARGO Almacenadora\",\"isPartOf\":{\"@id\":\"https:\\\/\\\/argoalmacenadora.com.mx\\\/#website\"},\"primaryImageOfPage\":{\"@id\":\"https:\\\/\\\/argoalmacenadora.com.mx\\\/aviso-de-privacidad\\\/#primaryimage\"},\"image\":{\"@id\":\"https:\\\/\\\/argoalmacenadora.com.mx\\\/aviso-de-privacidad\\\/#primaryimage\"},\"thumbnailUrl\":\"https:\\\/\\\/argoalmacenadora.com.mx\\\/wp-content\\\/uploads\\\/2023\\\/03\\\/Legal-Privacy.jpg\",\"datePublished\":\"2025-08-06T00:49:40+00:00\",\"dateModified\":\"2025-08-06T01:00:54+00:00\",\"breadcrumb\":{\"@id\":\"https:\\\/\\\/argoalmacenadora.com.mx\\\/aviso-de-privacidad\\\/#breadcrumb\"},\"inLanguage\":\"en-US\",\"potentialAction\":[{\"@type\":\"ReadAction\",\"target\":[\"https:\\\/\\\/argoalmacenadora.com.mx\\\/aviso-de-privacidad\\\/\"]}]},{\"@type\":\"ImageObject\",\"inLanguage\":\"en-US\",\"@id\":\"https:\\\/\\\/argoalmacenadora.com.mx\\\/aviso-de-privacidad\\\/#primaryimage\",\"url\":\"https:\\\/\\\/argoalmacenadora.com.mx\\\/wp-content\\\/uploads\\\/2023\\\/03\\\/Legal-Privacy.jpg\",\"contentUrl\":\"https:\\\/\\\/argoalmacenadora.com.mx\\\/wp-content\\\/uploads\\\/2023\\\/03\\\/Legal-Privacy.jpg\",\"width\":400,\"height\":380},{\"@type\":\"BreadcrumbList\",\"@id\":\"https:\\\/\\\/argoalmacenadora.com.mx\\\/aviso-de-privacidad\\\/#breadcrumb\",\"itemListElement\":[{\"@type\":\"ListItem\",\"position\":1,\"name\":\"Inicio\",\"item\":\"https:\\\/\\\/argoalmacenadora.com.mx\\\/\"},{\"@type\":\"ListItem\",\"position\":2,\"name\":\"Aviso de Privacidad\"}]},{\"@type\":\"WebSite\",\"@id\":\"https:\\\/\\\/argoalmacenadora.com.mx\\\/#website\",\"url\":\"https:\\\/\\\/argoalmacenadora.com.mx\\\/\",\"name\":\"ARGO Almacenadora\",\"description\":\"AGD | Dep\u00f3sito Fiscal | Servicios 3PL\",\"publisher\":{\"@id\":\"https:\\\/\\\/argoalmacenadora.com.mx\\\/#organization\"},\"potentialAction\":[{\"@type\":\"SearchAction\",\"target\":{\"@type\":\"EntryPoint\",\"urlTemplate\":\"https:\\\/\\\/argoalmacenadora.com.mx\\\/?s={search_term_string}\"},\"query-input\":{\"@type\":\"PropertyValueSpecification\",\"valueRequired\":true,\"valueName\":\"search_term_string\"}}],\"inLanguage\":\"en-US\"},{\"@type\":\"Organization\",\"@id\":\"https:\\\/\\\/argoalmacenadora.com.mx\\\/#organization\",\"name\":\"ARGO Almacenadora\",\"url\":\"https:\\\/\\\/argoalmacenadora.com.mx\\\/\",\"logo\":{\"@type\":\"ImageObject\",\"inLanguage\":\"en-US\",\"@id\":\"https:\\\/\\\/argoalmacenadora.com.mx\\\/#\\\/schema\\\/logo\\\/image\\\/\",\"url\":\"https:\\\/\\\/argoalmacenadora.com.mx\\\/wp-content\\\/uploads\\\/2024\\\/04\\\/Logotipo-SVG-Azul.svg\",\"contentUrl\":\"https:\\\/\\\/argoalmacenadora.com.mx\\\/wp-content\\\/uploads\\\/2024\\\/04\\\/Logotipo-SVG-Azul.svg\",\"width\":1160,\"height\":914,\"caption\":\"ARGO Almacenadora\"},\"image\":{\"@id\":\"https:\\\/\\\/argoalmacenadora.com.mx\\\/#\\\/schema\\\/logo\\\/image\\\/\"},\"sameAs\":[\"https:\\\/\\\/www.facebook.com\\\/ARGOALMACENADORASADECV\",\"https:\\\/\\\/www.linkedin.com\\\/company\\\/argo-almacenadora-s.a-de-c.v\",\"https:\\\/\\\/www.instagram.com\\\/argo.almacenadoraa\\\/\"]}]}<\/script>\n<!-- \/ Yoast SEO plugin. -->","yoast_head_json":{"title":"Aviso de Privacidad - ARGO Almacenadora","robots":{"index":"index","follow":"follow","max-snippet":"max-snippet:-1","max-image-preview":"max-image-preview:large","max-video-preview":"max-video-preview:-1"},"canonical":"https:\/\/argoalmacenadora.com.mx\/en\/aviso-de-privacidad\/","og_locale":"en_US","og_type":"article","og_title":"Aviso de Privacidad - ARGO Almacenadora","og_description":"ARGO Almacenadora AVISO DE PRIVACIDAD De conformidad en lo dispuesto por la Ley Federal de Protecci\u00f3n de Datos Personales en Posesi\u00f3n de Particulares y su Reglamento, se emite el presente Aviso de Privacidad en los siguientes t\u00e9rminos: I. RESPONSABLE DE LOS DATOS PERSONALES Para efectos del presente Aviso de Privacidad, se se\u00f1ala como responsable de&hellip; Continue reading Aviso de Privacidad","og_url":"https:\/\/argoalmacenadora.com.mx\/en\/aviso-de-privacidad\/","og_site_name":"ARGO Almacenadora","article_publisher":"https:\/\/www.facebook.com\/ARGOALMACENADORASADECV","article_modified_time":"2025-08-06T01:00:54+00:00","og_image":[{"width":400,"height":380,"url":"https:\/\/argoalmacenadora.com.mx\/wp-content\/uploads\/2023\/03\/Legal-Privacy.jpg","type":"image\/jpeg"}],"twitter_card":"summary_large_image","twitter_misc":{"Est. reading time":"5 minutes"},"schema":{"@context":"https:\/\/schema.org","@graph":[{"@type":"WebPage","@id":"https:\/\/argoalmacenadora.com.mx\/aviso-de-privacidad\/","url":"https:\/\/argoalmacenadora.com.mx\/aviso-de-privacidad\/","name":"Aviso de Privacidad - ARGO Almacenadora","isPartOf":{"@id":"https:\/\/argoalmacenadora.com.mx\/#website"},"primaryImageOfPage":{"@id":"https:\/\/argoalmacenadora.com.mx\/aviso-de-privacidad\/#primaryimage"},"image":{"@id":"https:\/\/argoalmacenadora.com.mx\/aviso-de-privacidad\/#primaryimage"},"thumbnailUrl":"https:\/\/argoalmacenadora.com.mx\/wp-content\/uploads\/2023\/03\/Legal-Privacy.jpg","datePublished":"2025-08-06T00:49:40+00:00","dateModified":"2025-08-06T01:00:54+00:00","breadcrumb":{"@id":"https:\/\/argoalmacenadora.com.mx\/aviso-de-privacidad\/#breadcrumb"},"inLanguage":"en-US","potentialAction":[{"@type":"ReadAction","target":["https:\/\/argoalmacenadora.com.mx\/aviso-de-privacidad\/"]}]},{"@type":"ImageObject","inLanguage":"en-US","@id":"https:\/\/argoalmacenadora.com.mx\/aviso-de-privacidad\/#primaryimage","url":"https:\/\/argoalmacenadora.com.mx\/wp-content\/uploads\/2023\/03\/Legal-Privacy.jpg","contentUrl":"https:\/\/argoalmacenadora.com.mx\/wp-content\/uploads\/2023\/03\/Legal-Privacy.jpg","width":400,"height":380},{"@type":"BreadcrumbList","@id":"https:\/\/argoalmacenadora.com.mx\/aviso-de-privacidad\/#breadcrumb","itemListElement":[{"@type":"ListItem","position":1,"name":"Inicio","item":"https:\/\/argoalmacenadora.com.mx\/"},{"@type":"ListItem","position":2,"name":"Aviso de Privacidad"}]},{"@type":"WebSite","@id":"https:\/\/argoalmacenadora.com.mx\/#website","url":"https:\/\/argoalmacenadora.com.mx\/","name":"ARGO Almacenadora","description":"AGD | Dep\u00f3sito Fiscal | Servicios 3PL","publisher":{"@id":"https:\/\/argoalmacenadora.com.mx\/#organization"},"potentialAction":[{"@type":"SearchAction","target":{"@type":"EntryPoint","urlTemplate":"https:\/\/argoalmacenadora.com.mx\/?s={search_term_string}"},"query-input":{"@type":"PropertyValueSpecification","valueRequired":true,"valueName":"search_term_string"}}],"inLanguage":"en-US"},{"@type":"Organization","@id":"https:\/\/argoalmacenadora.com.mx\/#organization","name":"ARGO Almacenadora","url":"https:\/\/argoalmacenadora.com.mx\/","logo":{"@type":"ImageObject","inLanguage":"en-US","@id":"https:\/\/argoalmacenadora.com.mx\/#\/schema\/logo\/image\/","url":"https:\/\/argoalmacenadora.com.mx\/wp-content\/uploads\/2024\/04\/Logotipo-SVG-Azul.svg","contentUrl":"https:\/\/argoalmacenadora.com.mx\/wp-content\/uploads\/2024\/04\/Logotipo-SVG-Azul.svg","width":1160,"height":914,"caption":"ARGO Almacenadora"},"image":{"@id":"https:\/\/argoalmacenadora.com.mx\/#\/schema\/logo\/image\/"},"sameAs":["https:\/\/www.facebook.com\/ARGOALMACENADORASADECV","https:\/\/www.linkedin.com\/company\/argo-almacenadora-s.a-de-c.v","https:\/\/www.instagram.com\/argo.almacenadoraa\/"]}]}},"jetpack_sharing_enabled":true,"_links":{"self":[{"href":"https:\/\/argoalmacenadora.com.mx\/en\/wp-json\/wp\/v2\/pages\/5176","targetHints":{"allow":["GET"]}}],"collection":[{"href":"https:\/\/argoalmacenadora.com.mx\/en\/wp-json\/wp\/v2\/pages"}],"about":[{"href":"https:\/\/argoalmacenadora.com.mx\/en\/wp-json\/wp\/v2\/types\/page"}],"author":[{"embeddable":true,"href":"https:\/\/argoalmacenadora.com.mx\/en\/wp-json\/wp\/v2\/users\/2"}],"replies":[{"embeddable":true,"href":"https:\/\/argoalmacenadora.com.mx\/en\/wp-json\/wp\/v2\/comments?post=5176"}],"version-history":[{"count":6,"href":"https:\/\/argoalmacenadora.com.mx\/en\/wp-json\/wp\/v2\/pages\/5176\/revisions"}],"predecessor-version":[{"id":5460,"href":"https:\/\/argoalmacenadora.com.mx\/en\/wp-json\/wp\/v2\/pages\/5176\/revisions\/5460"}],"wp:featuredmedia":[{"embeddable":true,"href":"https:\/\/argoalmacenadora.com.mx\/en\/wp-json\/wp\/v2\/media\/113"}],"wp:attachment":[{"href":"https:\/\/argoalmacenadora.com.mx\/en\/wp-json\/wp\/v2\/media?parent=5176"}],"curies":[{"name":"wp","href":"https:\/\/api.w.org\/{rel}","templated":true}]}}